{"id":220,"date":"2016-04-03T07:28:30","date_gmt":"2016-04-03T07:28:30","guid":{"rendered":"http:\/\/www.apartementspetxinalloret.com.mialias.net\/?page_id=220"},"modified":"2024-03-17T20:00:25","modified_gmt":"2024-03-17T19:00:25","slug":"visitar-lloret","status":"publish","type":"page","link":"https:\/\/apartamentspetxina.cat\/wp\/?page_id=220","title":{"rendered":"Visit by Walking"},"content":{"rendered":"<p><em>Dear guests, <\/em><\/p>\n<p><em>here follows some suggestions\u00a0 you can easily reach from the apartments:\u00a0<\/em><\/p>\n<h3><b><span class=\"style7\">Lloret de Mar i rodalies (Caminant) \/<span style=\"color: #0000ff;\">Walking<\/span><\/span><\/b><\/h3>\n<ul>\n<li>Les platges \/ beaches\n<ul>\n<li>Sa\u00a0Boadella , Sant Cristina , es Treumal, sSa Forcanera, Sant Francesc<\/li>\n<\/ul>\n<\/li>\n<\/ul>\n<ul>\n<li><span style=\"text-decoration: underline;\"><a href=\"http:\/\/rousisea.blogspot.com.es\/2013\/04\/cami-de-ronda-de-lloret-fins-cala-banys.html\">Cam\u00ed de Ronda de Cala Banys\/Seaside path to Cala Banys (south) <\/a><\/span><img loading=\"lazy\" decoding=\"async\" class=\"aligncenter size-medium wp-image-1792\" src=\"https:\/\/apartamentspetxina.cat\/wp\/wp-content\/uploads\/2016\/04\/P1280539-300x225.jpg\" alt=\"P1280539\" width=\"300\" height=\"225\" srcset=\"https:\/\/apartamentspetxina.cat\/wp\/wp-content\/uploads\/2016\/04\/P1280539-300x225.jpg 300w, https:\/\/apartamentspetxina.cat\/wp\/wp-content\/uploads\/2016\/04\/P1280539-768x576.jpg 768w, https:\/\/apartamentspetxina.cat\/wp\/wp-content\/uploads\/2016\/04\/P1280539-1024x768.jpg 1024w, https:\/\/apartamentspetxina.cat\/wp\/wp-content\/uploads\/2016\/04\/P1280539.jpg 1600w\" sizes=\"auto, (max-width: 300px) 100vw, 300px\" \/>\n<ul>\n<li>Cam\u00ed de Ronda nord\/ Seaside path from the Castle (north)<br \/>\n<img loading=\"lazy\" decoding=\"async\" class=\"aligncenter size-medium wp-image-1795\" src=\"https:\/\/apartamentspetxina.cat\/wp\/wp-content\/uploads\/2016\/04\/CAM01776-copia-300x225.jpg\" alt=\"CAM01776 - copia\" width=\"300\" height=\"225\" srcset=\"https:\/\/apartamentspetxina.cat\/wp\/wp-content\/uploads\/2016\/04\/CAM01776-copia-300x225.jpg 300w, https:\/\/apartamentspetxina.cat\/wp\/wp-content\/uploads\/2016\/04\/CAM01776-copia-768x576.jpg 768w, https:\/\/apartamentspetxina.cat\/wp\/wp-content\/uploads\/2016\/04\/CAM01776-copia-1024x768.jpg 1024w, https:\/\/apartamentspetxina.cat\/wp\/wp-content\/uploads\/2016\/04\/CAM01776-copia.jpg 2048w\" sizes=\"auto, (max-width: 300px) 100vw, 300px\" \/><\/li>\n<\/ul>\n<\/li>\n<li>La vil\u00b7la \/ In the city\n<ul>\n<li><span style=\"text-decoration: underline;\"><a href=\"http:\/\/rousisea.blogspot.com.es\/2013\/04\/lesglesia-modernista-de-lloret.html\">Esgl\u00e9sia modernista\u00a0<\/a><\/span><a href=\"http:\/\/rousisea.blogspot.com.es\/2013\/04\/lesglesia-modernista-de-lloret.html\"><img loading=\"lazy\" decoding=\"async\" class=\"aligncenter size-medium wp-image-1789\" src=\"https:\/\/apartamentspetxina.cat\/wp\/wp-content\/uploads\/2016\/04\/P1280737-225x300.jpg\" alt=\"P1280737\" width=\"225\" height=\"300\" srcset=\"https:\/\/apartamentspetxina.cat\/wp\/wp-content\/uploads\/2016\/04\/P1280737-225x300.jpg 225w, https:\/\/apartamentspetxina.cat\/wp\/wp-content\/uploads\/2016\/04\/P1280737-768x1024.jpg 768w, https:\/\/apartamentspetxina.cat\/wp\/wp-content\/uploads\/2016\/04\/P1280737.jpg 1200w\" sizes=\"auto, (max-width: 225px) 100vw, 225px\" \/><\/a><\/li>\n<\/ul>\n<\/li>\n<li><span style=\"color: #000000;\">Jard\u00ed de Santa Clotilde- Estil modernista. Arquitecte Rubi\u00f3 i Tudur\u00ed<\/span><\/li>\n<li><span style=\"color: #000000;\">Jard\u00ed Bot\u00e0nic &#8220;Pinya de Rosa&#8221; (Blanes, 4\u00a0Km.)<\/span>\u00a0. Fundador Karl Faust<\/li>\n<li><span style=\"color: #000000;\">Jard\u00ed Bot\u00e0nic &#8220;Mar i Murtra&#8221; (Blanes, 6\u00a0Km)<\/span><\/li>\n<li>Ermita de Santa Cristina- estil modernista<\/li>\n<li>Ruta de les ermites: Les Alegries, l&#8217;\u00e2ngel, Sant Pere del Bosc, Santa Cristina<\/li>\n<\/ul>\n<p><span style=\"text-decoration: underline;\">Festes Populars \/ Popular events<br \/>\n<\/span><\/p>\n<ul>\n<li>23\/6 Sant Joan. <em>Qui es banya per Sant Joan \u00e9s jove tot l&#8217;any!<\/em><\/li>\n<li>24\/7 Ball de Pla\u00e7a a davant l&#8217;ajuntament<\/li>\n<li>(24-26)\/7 Concurs Internacional de Focs Artificials de Blanes<\/li>\n<\/ul>\n<p><span style=\"text-decoration: underline;\">Mercats \/ Markets<br \/>\n<\/span><\/p>\n<ul>\n<li>Mercat de Tordera (els diumenges \/Sundays) ( 8 Km)<\/li>\n<li>Mercat a Blanes (dilluns\/ Mondays)<\/li>\n<\/ul>\n<p><strong><span style=\"line-height: 1.5;\">Rutes amb cotxe (1 dia ) \/ <span style=\"color: #0000ff;\">By car<\/span><\/span><\/strong><\/p>\n<p><span style=\"color: #ff00ff;\">Ciutats \/ Cities:<\/span><\/p>\n<ul>\n<li>Visitar Barcelona (60 Km)<\/li>\n<li>Visitar Girona \u00a0(30 Km): El Call \u00a0Jueu<\/li>\n<li>Visitar Tossa ( (12 Km): La Vila Vella<\/li>\n<\/ul>\n<p><span style=\"color: #800000;\">Rutes d&#8217;Art i arquitectura \/ Routes about\u00a0 Art and Architecture :<\/span><\/p>\n<ul>\n<li>Ruta a l&#8217;\u00e8poca grega: Visita a Empuries, l&#8217;Escala i Sant Mart\u00ed d&#8217;Emp\u00faries<\/li>\n<li>Ruta pobles medievals: Madremanya -Monells -La Bisbal &#8211; Peratallada<\/li>\n<li>Ruta del rom\u00e0nic i Museu Dal\u00ed : Besal\u00fa, Beuda, Mai\u00e0 de Montcal, Figueres (museu Dal\u00ed)<\/li>\n<\/ul>\n<p><span style=\"color: #008000;\">Parcs Naturals \/Natural park<br \/>\n<\/span><\/p>\n<ul>\n<li>El Parc Natural del Montseny (20 Km)<\/li>\n<li>Ruta d&#8217;aig\u00fces termals: Balnerari de Caldes de Malavella i Santa Coloma de Farners<\/li>\n<li>Ruta dels volcans \u00a0a Castellfollit de la Roca i Olot<\/li>\n<\/ul>\n","protected":false},"excerpt":{"rendered":"<p>Dear guests, here follows some suggestions\u00a0 you can easily reach from the apartments:\u00a0 Lloret de Mar i rodalies (Caminant) \/Walking Les platges \/ beaches Sa\u00a0Boadella , Sant Cristina , es Treumal, sSa Forcanera, Sant Francesc Cam\u00ed de Ronda de Cala Banys\/Seaside path to Cala Banys (south) Cam\u00ed de Ronda nord\/ Seaside path from the Castle &hellip; <a href=\"https:\/\/apartamentspetxina.cat\/wp\/?page_id=220\" class=\"more-link\">Continue reading <span class=\"screen-reader-text\">Visit by Walking<\/span> <span class=\"meta-nav\">&rarr;<\/span><\/a><\/p>\n","protected":false},"author":2,"featured_media":0,"parent":0,"menu_order":0,"comment_status":"closed","ping_status":"closed","template":"","meta":{"footnotes":""},"class_list":["post-220","page","type-page","status-publish","hentry"],"_links":{"self":[{"href":"https:\/\/apartamentspetxina.cat\/wp\/index.php?rest_route=\/wp\/v2\/pages\/220","targetHints":{"allow":["GET"]}}],"collection":[{"href":"https:\/\/apartamentspetxina.cat\/wp\/index.php?rest_route=\/wp\/v2\/pages"}],"about":[{"href":"https:\/\/apartamentspetxina.cat\/wp\/index.php?rest_route=\/wp\/v2\/types\/page"}],"author":[{"embeddable":true,"href":"https:\/\/apartamentspetxina.cat\/wp\/index.php?rest_route=\/wp\/v2\/users\/2"}],"replies":[{"embeddable":true,"href":"https:\/\/apartamentspetxina.cat\/wp\/index.php?rest_route=%2Fwp%2Fv2%2Fcomments&post=220"}],"version-history":[{"count":20,"href":"https:\/\/apartamentspetxina.cat\/wp\/index.php?rest_route=\/wp\/v2\/pages\/220\/revisions"}],"predecessor-version":[{"id":1885,"href":"https:\/\/apartamentspetxina.cat\/wp\/index.php?rest_route=\/wp\/v2\/pages\/220\/revisions\/1885"}],"wp:attachment":[{"href":"https:\/\/apartamentspetxina.cat\/wp\/index.php?rest_route=%2Fwp%2Fv2%2Fmedia&parent=220"}],"curies":[{"name":"wp","href":"https:\/\/api.w.org\/{rel}","templated":true}]}}